{"id":285,"date":"2020-08-21T09:55:51","date_gmt":"2020-08-21T08:55:51","guid":{"rendered":"https:\/\/wordpress.kulturtanken.app\/vestland\/?page_id=285"},"modified":"2025-08-29T12:59:41","modified_gmt":"2025-08-29T11:59:41","slug":"ynskjer-du-a-turnere-i-dks","status":"publish","type":"page","link":"https:\/\/wordpress.kulturtanken.app\/vestland\/ynskjer-du-a-turnere-i-dks\/","title":{"rendered":"\u00d8nskjer du \u00e5 turnere i DKS?"},"content":{"rendered":"\n<figure class=\"wp-block-image size-large is-resized\"><img loading=\"lazy\" decoding=\"async\" width=\"1730\" height=\"1155\" src=\"https:\/\/cdn.denkulturelleskolesekken.no\/vestland\/2020\/08\/c97d5905-20170915_drumdrum_0049.jpg\" alt=\"\" class=\"wp-image-287\"\/><figcaption class=\"wp-element-caption\">Foto: David Zadig<\/figcaption><\/figure>\n\n\n\n<h4 class=\"wp-block-heading\"><strong>Alle framlegg til DKS Vestland skal registrerast i&nbsp; DKS-portalen.<\/strong><\/h4>\n\n\n\n<ul class=\"wp-block-list\">\n<li><a href=\"https:\/\/www.denkulturelleskolesekken.no\/forside\/om-dks\/utover\/\">Send inn tilbod til DKS Vestland her<\/a><\/li>\n<\/ul>\n\n\n\n<p>Frist for innsending til programmet 2026\/2027: 1. oktober 2025.<\/p>\n\n\n\n<p>Vestland fylkeskommune gjer merksam p\u00e5 at alle ut\u00f8varar kan bli bedne om \u00e5 leggje fram politiattest f\u00f8r avtale om turn\u00e9 for skule\u00e5ret 2026\/2027 vert inng\u00e5tt. F\u00f8dsels- og personnummer p\u00e5 alle involverte ut\u00f8varar m\u00e5 leggjast inn i portalen.<\/p>\n","protected":false},"excerpt":{"rendered":"<p>Alle framlegg til DKS Vestland skal registrerast i&nbsp; DKS-portalen. Frist for innsending til programmet 2026\/2027: 1. oktober 2025. Vestland fylkeskommune gjer merksam p\u00e5 at alle ut\u00f8varar kan bli bedne om \u00e5 leggje fram politiattest f\u00f8r avtale om turn\u00e9 for skule\u00e5ret 2026\/2027 vert inng\u00e5tt. F\u00f8dsels- og personnummer p\u00e5 alle involverte ut\u00f8varar m\u00e5 leggjast inn i portalen.<\/p>\n","protected":false},"author":6,"featured_media":0,"parent":0,"menu_order":0,"comment_status":"closed","ping_status":"closed","template":"","meta":{"footnotes":""},"class_list":["post-285","page","type-page","status-publish","hentry"],"_links":{"self":[{"href":"https:\/\/wordpress.kulturtanken.app\/vestland\/wp-json\/wp\/v2\/pages\/285","targetHints":{"allow":["GET"]}}],"collection":[{"href":"https:\/\/wordpress.kulturtanken.app\/vestland\/wp-json\/wp\/v2\/pages"}],"about":[{"href":"https:\/\/wordpress.kulturtanken.app\/vestland\/wp-json\/wp\/v2\/types\/page"}],"author":[{"embeddable":true,"href":"https:\/\/wordpress.kulturtanken.app\/vestland\/wp-json\/wp\/v2\/users\/6"}],"replies":[{"embeddable":true,"href":"https:\/\/wordpress.kulturtanken.app\/vestland\/wp-json\/wp\/v2\/comments?post=285"}],"version-history":[{"count":19,"href":"https:\/\/wordpress.kulturtanken.app\/vestland\/wp-json\/wp\/v2\/pages\/285\/revisions"}],"predecessor-version":[{"id":1799,"href":"https:\/\/wordpress.kulturtanken.app\/vestland\/wp-json\/wp\/v2\/pages\/285\/revisions\/1799"}],"wp:attachment":[{"href":"https:\/\/wordpress.kulturtanken.app\/vestland\/wp-json\/wp\/v2\/media?parent=285"}],"curies":[{"name":"wp","href":"https:\/\/api.w.org\/{rel}","templated":true}]}}