{"id":301,"date":"2020-08-21T10:17:19","date_gmt":"2020-08-21T09:17:19","guid":{"rendered":"https:\/\/wordpress.kulturtanken.app\/vestland\/?page_id=301"},"modified":"2025-03-04T09:04:30","modified_gmt":"2025-03-04T08:04:30","slug":"transportstonad","status":"publish","type":"page","link":"https:\/\/wordpress.kulturtanken.app\/vestland\/transportstonad\/","title":{"rendered":"Transportst\u00f8nad"},"content":{"rendered":"\n<p><strong>Skulane f\u00e5r dekka transport n\u00e5r dei deltek p\u00e5 DKS-tilbod i regi av Vestland fylkeskommune, n\u00e5r tilboda ikkje er i g\u00e5avstand til skulen.<\/strong> <\/p>\n\n\n\n<p>Skulane bestiller sj\u00f8lve skyss til dei takstane som gjeld i skuletida, og vi ber om at rekninga blir sendt til Vestland fylkeskommune.\u00a0<\/p>\n\n\n\n<p><\/p>\n\n\n\n<figure class=\"wp-block-image size-large is-resized\"><img loading=\"lazy\" decoding=\"async\" width=\"650\" height=\"426\" src=\"https:\/\/cdn.denkulturelleskolesekken.no\/vestland\/2020\/08\/653f2a23-buss.jpg\" alt=\"\" class=\"wp-image-302\" style=\"width:393px;height:258px\"\/><\/figure>\n\n\n\n<p><\/p>\n\n\n\n<p><\/p>\n\n\n\n<h3 class=\"wp-block-heading\">NB! Hugs at transportselskapet m\u00e5 merkje&nbsp;fakturaen med: <\/h3>\n\n\n\n<ul class=\"wp-block-list\">\n<li>nummeret de f\u00e5r opplyst (34807 eller 14333)<\/li>\n\n\n\n<li>namnet til skulen<\/li>\n\n\n\n<li>namn p\u00e5 DKS-&nbsp;tilbodet refusjonskravet gjeld<\/li>\n\n\n\n<li>dato<\/li>\n<\/ul>\n\n\n\n<h3 class=\"wp-block-heading\"><strong>Vestland fylkekommune nyttar elektronisk faktura:<\/strong><\/h3>\n\n\n\n<ul class=\"wp-block-list\">\n<li>E-fakturaadresse: 0192:821311632<\/li>\n\n\n\n<li>Aksesspunkt: Visma<\/li>\n\n\n\n<li>Meir om \u00e5 sende faktura til Vestland fylkeskommune: <a href=\"https:\/\/www.vestlandfylke.no\/om-oss\/sende-faktura-til-vestland\/\" target=\"_blank\" rel=\"noreferrer noopener\">www.vestlandfylke.no\/om-oss\/sende-faktura-til-vestland\/<\/a>.<\/li>\n<\/ul>\n\n\n\n<p><\/p>\n\n\n\n<p><br><br><\/p>\n","protected":false},"excerpt":{"rendered":"<p>Skulane f\u00e5r dekka transport n\u00e5r dei deltek p\u00e5 DKS-tilbod i regi av Vestland fylkeskommune, n\u00e5r tilboda ikkje er i g\u00e5avstand til skulen. Skulane bestiller sj\u00f8lve skyss til dei takstane som gjeld i skuletida, og vi ber om at rekninga blir sendt til Vestland fylkeskommune.\u00a0 NB! Hugs at transportselskapet m\u00e5 merkje&nbsp;fakturaen med: Vestland fylkekommune nyttar elektronisk [&hellip;]<\/p>\n","protected":false},"author":6,"featured_media":0,"parent":0,"menu_order":0,"comment_status":"closed","ping_status":"closed","template":"","meta":{"footnotes":""},"class_list":["post-301","page","type-page","status-publish","hentry"],"_links":{"self":[{"href":"https:\/\/wordpress.kulturtanken.app\/vestland\/wp-json\/wp\/v2\/pages\/301","targetHints":{"allow":["GET"]}}],"collection":[{"href":"https:\/\/wordpress.kulturtanken.app\/vestland\/wp-json\/wp\/v2\/pages"}],"about":[{"href":"https:\/\/wordpress.kulturtanken.app\/vestland\/wp-json\/wp\/v2\/types\/page"}],"author":[{"embeddable":true,"href":"https:\/\/wordpress.kulturtanken.app\/vestland\/wp-json\/wp\/v2\/users\/6"}],"replies":[{"embeddable":true,"href":"https:\/\/wordpress.kulturtanken.app\/vestland\/wp-json\/wp\/v2\/comments?post=301"}],"version-history":[{"count":15,"href":"https:\/\/wordpress.kulturtanken.app\/vestland\/wp-json\/wp\/v2\/pages\/301\/revisions"}],"predecessor-version":[{"id":1722,"href":"https:\/\/wordpress.kulturtanken.app\/vestland\/wp-json\/wp\/v2\/pages\/301\/revisions\/1722"}],"wp:attachment":[{"href":"https:\/\/wordpress.kulturtanken.app\/vestland\/wp-json\/wp\/v2\/media?parent=301"}],"curies":[{"name":"wp","href":"https:\/\/api.w.org\/{rel}","templated":true}]}}