{"id":325,"date":"2020-08-21T11:40:21","date_gmt":"2020-08-21T10:40:21","guid":{"rendered":"https:\/\/wordpress.kulturtanken.app\/vestland\/?page_id=325"},"modified":"2022-12-28T10:18:52","modified_gmt":"2022-12-28T09:18:52","slug":"for-kulturkontakt","status":"publish","type":"page","link":"https:\/\/wordpress.kulturtanken.app\/vestland\/for-kulturkontakt\/","title":{"rendered":"For kulturkontakt"},"content":{"rendered":"\n<h2 class=\"wp-block-heading\"><\/h2>\n\n\n\n<figure class=\"wp-block-image is-resized\"><img loading=\"lazy\" decoding=\"async\" src=\"https:\/\/cdn.denkulturelleskolesekken.no\/vestland\/2020\/04\/5e2c13d1-chekbox.jpg\" alt=\"\" class=\"wp-image-191\" width=\"123\" height=\"116\"\/><\/figure>\n\n\n\n<h4 class=\"wp-block-heading\"><strong>Kulturkontakten er eit viktig bindeledd mellom skulane, Vestland fylkeskommuen og ut\u00f8varane. Her finn du viktig informasjon for kulturkontakten.&nbsp;<\/strong><\/h4>\n\n\n\n<ul class=\"wp-block-list\"><li>Kulturkontakten skal halde DKS Vestland oppdatert p\u00e5 timeplanar, elevtal, elevfrie dagar og kontaktinformasjon til kulturkontakt og skulen. Dette gjerast p\u00e5&nbsp;DKS- portalen.<\/li><\/ul>\n\n\n\n<ul class=\"wp-block-list\"><li>V\u00e6re godt orientert om tilbodet som kjem fr\u00e5 DKS Vestland.&nbsp;<\/li><\/ul>\n\n\n\n<ul class=\"wp-block-list\"><li>Sjekke nettsida <a href=\"http:\/\/www.denkulturelleskolesekken.no\/vestland\">www.denkulturelleskolesekken.no\/vestland<\/a>&nbsp;jamleg.<\/li><\/ul>\n\n\n\n<ul class=\"wp-block-list\"><li>Sjekke fakta-ark, l\u00e6rarrettleiing og tekniske spesifikasjonar p\u00e5&nbsp;<a href=\"http:\/\/Sjekke fakta-ark, l\u00e6rarrettleiing og tekniske spesifikasjonar p\u00e5&nbsp;www.denkulturelleskolesekken.no\/vestland\">www.denkulturelleskolesekken.no\/vestland<\/a><\/li><\/ul>\n\n\n\n<ul class=\"wp-block-list\"><li>Gjere informasjonen om framsyningane lett tilgjengelig, t.d. p\u00e5 oppslagstavler\/ l\u00e6rarrom.<\/li><\/ul>\n\n\n\n<ul class=\"wp-block-list\"><li>Vidareformidle og sikre informasjon til kontaktl\u00e6rarar om dei ulike tilboda.<\/li><\/ul>\n\n\n\n<ul class=\"wp-block-list\"><li>F\u00f8lgje opp elevar eller andre som f\u00e5r delegert ansvar ved bes\u00f8k p\u00e5 skulen.<\/li><\/ul>\n\n\n\n<ul class=\"wp-block-list\"><li>Syte for at l\u00e6rarane gjev alle elevar informasjon om tilboda slik at dei er godt f\u00f8rebudde.&nbsp;<\/li><\/ul>\n\n\n\n<ul class=\"wp-block-list\"><li>Bestille buss dersom skulen skal reise til ein annan skule eller lokale for \u00e5 sj\u00e5 framsyning eller konsert. <a href=\"https:\/\/www.denkulturelleskolesekken.no\/vestland\/transportstonad\/\" target=\"_blank\" rel=\"noreferrer noopener\">DKS refunderer alle kostnader til transport<\/a> n\u00e5r det er DKS som har lagt opp til reise i turneplanen.&nbsp;<\/li><\/ul>\n\n\n\n<h4 class=\"wp-block-heading\">Kontakt med ut\u00f8varane p\u00e5 arrangementsdagen<\/h4>\n\n\n\n<p>Kulturkontakten er skulen sin kontaktperson for ut\u00f8varane. Ut\u00f8varane tek kontakt p\u00e5 f\u00f8rehand for \u00e5 avklare praktiske forhold knytt til framsyninga.<\/p>\n\n\n\n<ul class=\"wp-block-list\"><li>Vere hyggelig vertskap, ta imot ut\u00f8varane og syte for b\u00e6rehjelp etter behov.<\/li><\/ul>\n\n\n\n<ul class=\"wp-block-list\"><li>Vise ut\u00f8varane spelestaden, garderobe og l\u00e6rarrom.<\/li><\/ul>\n\n\n\n<ul class=\"wp-block-list\"><li>Ynskje ut\u00f8varane velkomne og eventuelt introdusere framsyninga.<\/li><\/ul>\n\n\n\n<ul class=\"wp-block-list\"><li>Takke ut\u00f8varane.<\/li><\/ul>\n\n\n\n<h4 class=\"wp-block-heading\">Sjekkliste for konsert, danse- og teaterframsyingar<\/h4>\n\n\n\n<ul class=\"wp-block-list\"><li>Er konsertlokalet ledig?<\/li><\/ul>\n\n\n\n<ul class=\"wp-block-list\"><li>Trengst det b\u00e6rehjelp?<\/li><\/ul>\n\n\n\n<ul class=\"wp-block-list\"><li>Kor lang riggetid har ut\u00f8varane, og kor tid kjem dei til skulen?<\/li><\/ul>\n\n\n\n<ul class=\"wp-block-list\"><li>Skal det v\u00e6re blending?<\/li><\/ul>\n\n\n\n<ul class=\"wp-block-list\"><li>Er temperaturen i lokalet ok?<\/li><\/ul>\n\n\n\n<ul class=\"wp-block-list\"><li>Er det nok straum tilgjengelig?<\/li><\/ul>\n\n\n\n<ul class=\"wp-block-list\"><li>Korleis&nbsp; skal elevane plasserast?<\/li><\/ul>\n\n\n\n<h4 class=\"wp-block-heading\">Etter framsyninga<\/h4>\n\n\n\n<p>Bidra til at skulen\/einskildl\u00e6rarar sender inn evaluering etter bes\u00f8k\/framsyning.<\/p>\n\n\n\n<h4 class=\"wp-block-heading\">Til slutt<\/h4>\n\n\n\n<p>Avklar med ut\u00f8varane l\u00e6raren si rolle under framsyninga; er de publikum p\u00e5 linje med elevene? Kven grip inn i dei tilfella det utviklar seg uheldige situasjonar ved td. uro?<\/p>\n","protected":false},"excerpt":{"rendered":"<p>Kulturkontakten er eit viktig bindeledd mellom skulane, Vestland fylkeskommuen og ut\u00f8varane. Her finn du viktig informasjon for kulturkontakten.&nbsp; Kulturkontakten skal halde DKS Vestland oppdatert p\u00e5 timeplanar, elevtal, elevfrie dagar og kontaktinformasjon til kulturkontakt og skulen. Dette gjerast p\u00e5&nbsp;DKS- portalen. V\u00e6re godt orientert om tilbodet som kjem fr\u00e5 DKS Vestland.&nbsp; Sjekke nettsida www.denkulturelleskolesekken.no\/vestland&nbsp;jamleg. Sjekke fakta-ark, l\u00e6rarrettleiing [&hellip;]<\/p>\n","protected":false},"author":6,"featured_media":0,"parent":0,"menu_order":0,"comment_status":"closed","ping_status":"closed","template":"","meta":{"footnotes":""},"class_list":["post-325","page","type-page","status-publish","hentry"],"_links":{"self":[{"href":"https:\/\/wordpress.kulturtanken.app\/vestland\/wp-json\/wp\/v2\/pages\/325","targetHints":{"allow":["GET"]}}],"collection":[{"href":"https:\/\/wordpress.kulturtanken.app\/vestland\/wp-json\/wp\/v2\/pages"}],"about":[{"href":"https:\/\/wordpress.kulturtanken.app\/vestland\/wp-json\/wp\/v2\/types\/page"}],"author":[{"embeddable":true,"href":"https:\/\/wordpress.kulturtanken.app\/vestland\/wp-json\/wp\/v2\/users\/6"}],"replies":[{"embeddable":true,"href":"https:\/\/wordpress.kulturtanken.app\/vestland\/wp-json\/wp\/v2\/comments?post=325"}],"version-history":[{"count":16,"href":"https:\/\/wordpress.kulturtanken.app\/vestland\/wp-json\/wp\/v2\/pages\/325\/revisions"}],"predecessor-version":[{"id":1452,"href":"https:\/\/wordpress.kulturtanken.app\/vestland\/wp-json\/wp\/v2\/pages\/325\/revisions\/1452"}],"wp:attachment":[{"href":"https:\/\/wordpress.kulturtanken.app\/vestland\/wp-json\/wp\/v2\/media?parent=325"}],"curies":[{"name":"wp","href":"https:\/\/api.w.org\/{rel}","templated":true}]}}